{"id":507,"date":"2020-01-23T08:25:21","date_gmt":"2020-01-23T08:25:21","guid":{"rendered":"https:\/\/design2.ec-weinfelden.sbw.media\/?page_id=507"},"modified":"2026-03-18T17:13:55","modified_gmt":"2026-03-18T17:13:55","slug":"news","status":"publish","type":"page","link":"https:\/\/ec-weinfelden.ch\/index.php\/news\/","title":{"rendered":"News"},"content":{"rendered":"\t\t<div data-elementor-type=\"wp-page\" data-elementor-id=\"507\" class=\"elementor elementor-507\" data-elementor-post-type=\"page\">\n\t\t\t\t\t\t<section class=\"elementor-section elementor-top-section elementor-element elementor-element-ed8aa61 elementor-section-full_width elementor-section-height-full elementor-section-height-default elementor-section-items-middle\" data-id=\"ed8aa61\" data-element_type=\"section\" data-e-type=\"section\" data-settings=\"{&quot;background_background&quot;:&quot;classic&quot;,&quot;background_motion_fx_motion_fx_scrolling&quot;:&quot;yes&quot;,&quot;background_motion_fx_translateY_effect&quot;:&quot;yes&quot;,&quot;background_motion_fx_translateY_speed&quot;:{&quot;unit&quot;:&quot;px&quot;,&quot;size&quot;:4,&quot;sizes&quot;:[]},&quot;background_motion_fx_translateY_affectedRange&quot;:{&quot;unit&quot;:&quot;%&quot;,&quot;size&quot;:&quot;&quot;,&quot;sizes&quot;:{&quot;start&quot;:0,&quot;end&quot;:100}},&quot;background_motion_fx_devices&quot;:[&quot;desktop&quot;,&quot;tablet&quot;,&quot;mobile&quot;]}\">\n\t\t\t\t\t\t\t<div class=\"elementor-background-overlay\"><\/div>\n\t\t\t\t\t\t\t<div class=\"elementor-container elementor-column-gap-default\">\n\t\t\t\t\t<div class=\"elementor-column elementor-col-50 elementor-top-column elementor-element elementor-element-69d41e2\" data-id=\"69d41e2\" data-element_type=\"column\" data-e-type=\"column\">\n\t\t\t<div class=\"elementor-widget-wrap elementor-element-populated\">\n\t\t\t\t\t\t<div class=\"elementor-element elementor-element-c5230a7 elementor-widget elementor-widget-image\" data-id=\"c5230a7\" data-element_type=\"widget\" data-e-type=\"widget\" data-widget_type=\"image.default\">\n\t\t\t\t<div class=\"elementor-widget-container\">\n\t\t\t\t\t\t\t\t\t\t\t\t\t\t\t\t<a href=\"https:\/\/ec-weinfelden.ch\">\n\t\t\t\t\t\t\t<img decoding=\"async\" src=\"https:\/\/ec-weinfelden.ch\/wp-content\/uploads\/elementor\/thumbs\/Element-3@4x-e1584636344513-ou90807wbo0fnmrco21m90zpx6u6ao2o776812ynxc.png\" title=\"Element 3@4x\" alt=\"Element 3@4x\" loading=\"lazy\" \/>\t\t\t\t\t\t\t\t<\/a>\n\t\t\t\t\t\t\t\t\t\t\t\t\t\t\t<\/div>\n\t\t\t\t<\/div>\n\t\t\t\t\t<\/div>\n\t\t<\/div>\n\t\t\t\t<div class=\"elementor-column elementor-col-50 elementor-top-column elementor-element elementor-element-448ce7e\" data-id=\"448ce7e\" data-element_type=\"column\" data-e-type=\"column\">\n\t\t\t<div class=\"elementor-widget-wrap elementor-element-populated\">\n\t\t\t\t\t\t<div class=\"elementor-element elementor-element-02c3bb3 elementor-widget elementor-widget-heading\" data-id=\"02c3bb3\" data-element_type=\"widget\" data-e-type=\"widget\" data-widget_type=\"heading.default\">\n\t\t\t\t<div class=\"elementor-widget-container\">\n\t\t\t\t\t<h2 class=\"elementor-heading-title elementor-size-large\">News<\/h2>\t\t\t\t<\/div>\n\t\t\t\t<\/div>\n\t\t\t\t<div class=\"elementor-element elementor-element-e28f474 elementor-widget-divider--view-line elementor-widget elementor-widget-divider\" data-id=\"e28f474\" data-element_type=\"widget\" data-e-type=\"widget\" data-widget_type=\"divider.default\">\n\t\t\t\t<div class=\"elementor-widget-container\">\n\t\t\t\t\t\t\t<div class=\"elementor-divider\">\n\t\t\t<span class=\"elementor-divider-separator\">\n\t\t\t\t\t\t<\/span>\n\t\t<\/div>\n\t\t\t\t\t\t<\/div>\n\t\t\t\t<\/div>\n\t\t\t\t<div class=\"elementor-element elementor-element-9efd56f sub_title elementor-widget elementor-widget-text-editor\" data-id=\"9efd56f\" data-element_type=\"widget\" data-e-type=\"widget\" data-widget_type=\"text-editor.default\">\n\t\t\t\t<div class=\"elementor-widget-container\">\n\t\t\t\t\t\t\t\t\t<p>Was passiert bei uns?<\/p>\t\t\t\t\t\t\t\t<\/div>\n\t\t\t\t<\/div>\n\t\t\t\t\t<\/div>\n\t\t<\/div>\n\t\t\t\t\t<\/div>\n\t\t<\/section>\n\t\t\t\t<section class=\"elementor-section elementor-top-section elementor-element elementor-element-94e9e85 elementor-hidden-tablet elementor-section-boxed elementor-section-height-default elementor-section-height-default\" data-id=\"94e9e85\" data-element_type=\"section\" data-e-type=\"section\">\n\t\t\t\t\t\t<div class=\"elementor-container elementor-column-gap-default\">\n\t\t\t\t\t<div class=\"elementor-column elementor-col-100 elementor-top-column elementor-element elementor-element-44f1265\" data-id=\"44f1265\" data-element_type=\"column\" data-e-type=\"column\">\n\t\t\t<div class=\"elementor-widget-wrap\">\n\t\t\t\t\t\t\t<\/div>\n\t\t<\/div>\n\t\t\t\t\t<\/div>\n\t\t<\/section>\n\t\t\t\t<section class=\"elementor-section elementor-top-section elementor-element elementor-element-3bb5ea2 elementor-section-boxed elementor-section-height-default elementor-section-height-default\" data-id=\"3bb5ea2\" data-element_type=\"section\" data-e-type=\"section\">\n\t\t\t\t\t\t<div class=\"elementor-container elementor-column-gap-default\">\n\t\t\t\t\t<div class=\"elementor-column elementor-col-100 elementor-top-column elementor-element elementor-element-13aa7e7\" data-id=\"13aa7e7\" data-element_type=\"column\" data-e-type=\"column\">\n\t\t\t<div class=\"elementor-widget-wrap elementor-element-populated\">\n\t\t\t\t\t\t<div class=\"elementor-element elementor-element-12255b2 elementor-widget elementor-widget-heading\" data-id=\"12255b2\" data-element_type=\"widget\" data-e-type=\"widget\" data-widget_type=\"heading.default\">\n\t\t\t\t<div class=\"elementor-widget-container\">\n\t\t\t\t\t<h1 class=\"elementor-heading-title elementor-size-large\">News<\/h1>\t\t\t\t<\/div>\n\t\t\t\t<\/div>\n\t\t\t\t<div class=\"elementor-element elementor-element-4dc5fc3 elementor-widget-divider--view-line elementor-widget elementor-widget-divider\" data-id=\"4dc5fc3\" data-element_type=\"widget\" data-e-type=\"widget\" data-widget_type=\"divider.default\">\n\t\t\t\t<div class=\"elementor-widget-container\">\n\t\t\t\t\t\t\t<div class=\"elementor-divider\">\n\t\t\t<span class=\"elementor-divider-separator\">\n\t\t\t\t\t\t<\/span>\n\t\t<\/div>\n\t\t\t\t\t\t<\/div>\n\t\t\t\t<\/div>\n\t\t\t\t\t<\/div>\n\t\t<\/div>\n\t\t\t\t\t<\/div>\n\t\t<\/section>\n\t\t\t\t<section class=\"elementor-section elementor-top-section elementor-element elementor-element-eee0121 elementor-section-boxed elementor-section-height-default elementor-section-height-default\" data-id=\"eee0121\" data-element_type=\"section\" data-e-type=\"section\">\n\t\t\t\t\t\t<div class=\"elementor-container elementor-column-gap-default\">\n\t\t\t\t\t<div class=\"elementor-column elementor-col-25 elementor-top-column elementor-element elementor-element-8c0ddd0\" data-id=\"8c0ddd0\" data-element_type=\"column\" data-e-type=\"column\">\n\t\t\t<div class=\"elementor-widget-wrap elementor-element-populated\">\n\t\t\t\t\t\t<div class=\"elementor-element elementor-element-7de644b elementor-widget elementor-widget-image\" data-id=\"7de644b\" data-element_type=\"widget\" data-e-type=\"widget\" data-widget_type=\"image.default\">\n\t\t\t\t<div class=\"elementor-widget-container\">\n\t\t\t\t\t\t\t\t\t\t\t\t<figure class=\"wp-caption\">\n\t\t\t\t\t\t\t\t\t\t<img fetchpriority=\"high\" decoding=\"async\" width=\"300\" height=\"200\" src=\"https:\/\/ec-weinfelden.ch\/wp-content\/uploads\/2026\/03\/20260215-2M9A8981-300x200.jpg\" class=\"attachment-medium size-medium wp-image-4342\" alt=\"\" srcset=\"https:\/\/ec-weinfelden.ch\/wp-content\/uploads\/2026\/03\/20260215-2M9A8981-300x200.jpg 300w, https:\/\/ec-weinfelden.ch\/wp-content\/uploads\/2026\/03\/20260215-2M9A8981-1024x683.jpg 1024w, https:\/\/ec-weinfelden.ch\/wp-content\/uploads\/2026\/03\/20260215-2M9A8981-768x512.jpg 768w, https:\/\/ec-weinfelden.ch\/wp-content\/uploads\/2026\/03\/20260215-2M9A8981-1536x1024.jpg 1536w, https:\/\/ec-weinfelden.ch\/wp-content\/uploads\/2026\/03\/20260215-2M9A8981-2048x1365.jpg 2048w\" sizes=\"(max-width: 300px) 100vw, 300px\" \/>\t\t\t\t\t\t\t\t\t\t\t<figcaption class=\"widget-image-caption wp-caption-text\"><\/figcaption>\n\t\t\t\t\t\t\t\t\t\t<\/figure>\n\t\t\t\t\t\t\t\t\t<\/div>\n\t\t\t\t<\/div>\n\t\t\t\t<div class=\"elementor-element elementor-element-250487f elementor-widget__width-initial elementor-widget elementor-widget-heading\" data-id=\"250487f\" data-element_type=\"widget\" data-e-type=\"widget\" data-widget_type=\"heading.default\">\n\t\t\t\t<div class=\"elementor-widget-container\">\n\t\t\t\t\t<h2 class=\"elementor-heading-title elementor-size-medium\">Schaulaufen 2026\n<\/h2>\t\t\t\t<\/div>\n\t\t\t\t<\/div>\n\t\t\t\t<div class=\"elementor-element elementor-element-85295f9 elementor-widget elementor-widget-text-editor\" data-id=\"85295f9\" data-element_type=\"widget\" data-e-type=\"widget\" data-widget_type=\"text-editor.default\">\n\t\t\t\t<div class=\"elementor-widget-container\">\n\t\t\t\t\t\t\t\t\t<p><br \/>\u00a0Ihr habt es gerockt und die G\u00fctti &#8222;farbig&#8220; gemacht! <br \/>Vielen Dank an alle die dabei waren von den L\u00e4uferinnen, Eltern, Grosseltern, Tanten und Onkeln, Nachbarn, Freunde ect. und nat\u00fcrlich auch an unsere super Eismeister &#8211; DANKE!<\/p>\t\t\t\t\t\t\t\t<\/div>\n\t\t\t\t<\/div>\n\t\t\t\t\t<\/div>\n\t\t<\/div>\n\t\t\t\t<div class=\"elementor-column elementor-col-25 elementor-top-column elementor-element elementor-element-2719c96\" data-id=\"2719c96\" data-element_type=\"column\" data-e-type=\"column\">\n\t\t\t<div class=\"elementor-widget-wrap elementor-element-populated\">\n\t\t\t\t\t\t<div class=\"elementor-element elementor-element-949bf86 elementor-widget elementor-widget-image\" data-id=\"949bf86\" data-element_type=\"widget\" data-e-type=\"widget\" data-widget_type=\"image.default\">\n\t\t\t\t<div class=\"elementor-widget-container\">\n\t\t\t\t\t\t\t\t\t\t\t\t<figure class=\"wp-caption\">\n\t\t\t\t\t\t\t\t\t\t<img decoding=\"async\" width=\"228\" height=\"300\" src=\"https:\/\/ec-weinfelden.ch\/wp-content\/uploads\/2026\/03\/Flyer2026coulor-228x300.jpg\" class=\"attachment-medium size-medium wp-image-4350\" alt=\"\" srcset=\"https:\/\/ec-weinfelden.ch\/wp-content\/uploads\/2026\/03\/Flyer2026coulor-228x300.jpg 228w, https:\/\/ec-weinfelden.ch\/wp-content\/uploads\/2026\/03\/Flyer2026coulor-777x1024.jpg 777w, https:\/\/ec-weinfelden.ch\/wp-content\/uploads\/2026\/03\/Flyer2026coulor-768x1012.jpg 768w, https:\/\/ec-weinfelden.ch\/wp-content\/uploads\/2026\/03\/Flyer2026coulor-1166x1536.jpg 1166w, https:\/\/ec-weinfelden.ch\/wp-content\/uploads\/2026\/03\/Flyer2026coulor-1554x2048.jpg 1554w, https:\/\/ec-weinfelden.ch\/wp-content\/uploads\/2026\/03\/Flyer2026coulor.jpg 1580w\" sizes=\"(max-width: 228px) 100vw, 228px\" \/>\t\t\t\t\t\t\t\t\t\t\t<figcaption class=\"widget-image-caption wp-caption-text\"><\/figcaption>\n\t\t\t\t\t\t\t\t\t\t<\/figure>\n\t\t\t\t\t\t\t\t\t<\/div>\n\t\t\t\t<\/div>\n\t\t\t\t<div class=\"elementor-element elementor-element-0b628f7 elementor-widget__width-initial elementor-widget elementor-widget-heading\" data-id=\"0b628f7\" data-element_type=\"widget\" data-e-type=\"widget\" data-widget_type=\"heading.default\">\n\t\t\t\t<div class=\"elementor-widget-container\">\n\t\t\t\t\t<h2 class=\"elementor-heading-title elementor-size-medium\">Schaulaufen 2026\n<\/h2>\t\t\t\t<\/div>\n\t\t\t\t<\/div>\n\t\t\t\t<div class=\"elementor-element elementor-element-a8d6e46 elementor-widget elementor-widget-text-editor\" data-id=\"a8d6e46\" data-element_type=\"widget\" data-e-type=\"widget\" data-widget_type=\"text-editor.default\">\n\t\t\t\t<div class=\"elementor-widget-container\">\n\t\t\t\t\t\t\t\t\t<p>\u00a0<br \/>Colorvision! <br \/>In diesem Jahr wird es kunterbunt in der Eishalle! Wir freuen uns auf viele Besucherinnen und Besucher.<\/p>\t\t\t\t\t\t\t\t<\/div>\n\t\t\t\t<\/div>\n\t\t\t\t\t<\/div>\n\t\t<\/div>\n\t\t\t\t<div class=\"elementor-column elementor-col-25 elementor-top-column elementor-element elementor-element-1e41e60\" data-id=\"1e41e60\" data-element_type=\"column\" data-e-type=\"column\">\n\t\t\t<div class=\"elementor-widget-wrap elementor-element-populated\">\n\t\t\t\t\t\t<div class=\"elementor-element elementor-element-d038f75 elementor-widget elementor-widget-image\" data-id=\"d038f75\" data-element_type=\"widget\" data-e-type=\"widget\" data-widget_type=\"image.default\">\n\t\t\t\t<div class=\"elementor-widget-container\">\n\t\t\t\t\t\t\t\t\t\t\t\t<figure class=\"wp-caption\">\n\t\t\t\t\t\t\t\t\t\t<img decoding=\"async\" width=\"300\" height=\"227\" src=\"https:\/\/ec-weinfelden.ch\/wp-content\/uploads\/2026\/03\/IMG-20251208-WA0002-e1773853134817-300x227.jpg\" class=\"attachment-medium size-medium wp-image-4351\" alt=\"\" srcset=\"https:\/\/ec-weinfelden.ch\/wp-content\/uploads\/2026\/03\/IMG-20251208-WA0002-e1773853134817-300x227.jpg 300w, https:\/\/ec-weinfelden.ch\/wp-content\/uploads\/2026\/03\/IMG-20251208-WA0002-e1773853134817-1024x776.jpg 1024w, https:\/\/ec-weinfelden.ch\/wp-content\/uploads\/2026\/03\/IMG-20251208-WA0002-e1773853134817-768x582.jpg 768w, https:\/\/ec-weinfelden.ch\/wp-content\/uploads\/2026\/03\/IMG-20251208-WA0002-e1773853134817.jpg 1536w\" sizes=\"(max-width: 300px) 100vw, 300px\" \/>\t\t\t\t\t\t\t\t\t\t\t<figcaption class=\"widget-image-caption wp-caption-text\"><\/figcaption>\n\t\t\t\t\t\t\t\t\t\t<\/figure>\n\t\t\t\t\t\t\t\t\t<\/div>\n\t\t\t\t<\/div>\n\t\t\t\t<div class=\"elementor-element elementor-element-e5c67e5 elementor-widget__width-initial elementor-widget elementor-widget-heading\" data-id=\"e5c67e5\" data-element_type=\"widget\" data-e-type=\"widget\" data-widget_type=\"heading.default\">\n\t\t\t\t<div class=\"elementor-widget-container\">\n\t\t\t\t\t<h2 class=\"elementor-heading-title elementor-size-medium\">Samichlaus 2025\/26\n\n<\/h2>\t\t\t\t<\/div>\n\t\t\t\t<\/div>\n\t\t\t\t<div class=\"elementor-element elementor-element-8d8f7f7 elementor-widget elementor-widget-text-editor\" data-id=\"8d8f7f7\" data-element_type=\"widget\" data-e-type=\"widget\" data-widget_type=\"text-editor.default\">\n\t\t\t\t<div class=\"elementor-widget-container\">\n\t\t\t\t\t\t\t\t\t<p>\u00a0<br \/>Samichlaus, du liebe Maa, d\u00f6rf ich au en Grittib\u00e4nz haa? Auch dieses Jahr war der Samichlaus mit dem Schmuzli bei uns auf dem Eis.<\/p>\t\t\t\t\t\t\t\t<\/div>\n\t\t\t\t<\/div>\n\t\t\t\t\t<\/div>\n\t\t<\/div>\n\t\t\t\t<div class=\"elementor-column elementor-col-25 elementor-top-column elementor-element elementor-element-cac08ae\" data-id=\"cac08ae\" data-element_type=\"column\" data-e-type=\"column\">\n\t\t\t<div class=\"elementor-widget-wrap elementor-element-populated\">\n\t\t\t\t\t\t<div class=\"elementor-element elementor-element-e80b7e4 elementor-widget elementor-widget-image\" data-id=\"e80b7e4\" data-element_type=\"widget\" data-e-type=\"widget\" data-widget_type=\"image.default\">\n\t\t\t\t<div class=\"elementor-widget-container\">\n\t\t\t\t\t\t\t\t\t\t\t\t<figure class=\"wp-caption\">\n\t\t\t\t\t\t\t\t\t\t<img loading=\"lazy\" decoding=\"async\" width=\"226\" height=\"300\" src=\"https:\/\/ec-weinfelden.ch\/wp-content\/uploads\/2026\/03\/20260104_145211-scaled-e1773853362417-226x300.jpg\" class=\"attachment-medium size-medium wp-image-4352\" alt=\"\" srcset=\"https:\/\/ec-weinfelden.ch\/wp-content\/uploads\/2026\/03\/20260104_145211-scaled-e1773853362417-226x300.jpg 226w, https:\/\/ec-weinfelden.ch\/wp-content\/uploads\/2026\/03\/20260104_145211-scaled-e1773853362417-771x1024.jpg 771w, https:\/\/ec-weinfelden.ch\/wp-content\/uploads\/2026\/03\/20260104_145211-scaled-e1773853362417-768x1020.jpg 768w, https:\/\/ec-weinfelden.ch\/wp-content\/uploads\/2026\/03\/20260104_145211-scaled-e1773853362417-1157x1536.jpg 1157w, https:\/\/ec-weinfelden.ch\/wp-content\/uploads\/2026\/03\/20260104_145211-scaled-e1773853362417.jpg 1382w\" sizes=\"(max-width: 226px) 100vw, 226px\" \/>\t\t\t\t\t\t\t\t\t\t\t<figcaption class=\"widget-image-caption wp-caption-text\"><\/figcaption>\n\t\t\t\t\t\t\t\t\t\t<\/figure>\n\t\t\t\t\t\t\t\t\t<\/div>\n\t\t\t\t<\/div>\n\t\t\t\t<div class=\"elementor-element elementor-element-1e5d510 elementor-widget__width-initial elementor-widget elementor-widget-heading\" data-id=\"1e5d510\" data-element_type=\"widget\" data-e-type=\"widget\" data-widget_type=\"heading.default\">\n\t\t\t\t<div class=\"elementor-widget-container\">\n\t\t\t\t\t<h2 class=\"elementor-heading-title elementor-size-medium\">3-K\u00f6nigslauf in Frauenfeld\n<\/h2>\t\t\t\t<\/div>\n\t\t\t\t<\/div>\n\t\t\t\t<div class=\"elementor-element elementor-element-c4616bd elementor-widget elementor-widget-text-editor\" data-id=\"c4616bd\" data-element_type=\"widget\" data-e-type=\"widget\" data-widget_type=\"text-editor.default\">\n\t\t\t\t<div class=\"elementor-widget-container\">\n\t\t\t\t\t\t\t\t\t<p>\u00a0<br \/>Unsere L\u00e4uferinnen waren auch dieses Jahr wieder am Start am 3-K\u00f6nigslauf in Frauenfeld.<\/p>\t\t\t\t\t\t\t\t<\/div>\n\t\t\t\t<\/div>\n\t\t\t\t\t<\/div>\n\t\t<\/div>\n\t\t\t\t\t<\/div>\n\t\t<\/section>\n\t\t\t\t<section class=\"elementor-section elementor-top-section elementor-element elementor-element-1b1a9a9 elementor-section-boxed elementor-section-height-default elementor-section-height-default\" data-id=\"1b1a9a9\" data-element_type=\"section\" data-e-type=\"section\">\n\t\t\t\t\t\t<div class=\"elementor-container elementor-column-gap-default\">\n\t\t\t\t\t<div class=\"elementor-column elementor-col-25 elementor-top-column elementor-element elementor-element-a31409f\" data-id=\"a31409f\" data-element_type=\"column\" data-e-type=\"column\">\n\t\t\t<div class=\"elementor-widget-wrap elementor-element-populated\">\n\t\t\t\t\t\t<div class=\"elementor-element elementor-element-3d4fa29 elementor-widget elementor-widget-image\" data-id=\"3d4fa29\" data-element_type=\"widget\" data-e-type=\"widget\" data-widget_type=\"image.default\">\n\t\t\t\t<div class=\"elementor-widget-container\">\n\t\t\t\t\t\t\t\t\t\t\t\t<figure class=\"wp-caption\">\n\t\t\t\t\t\t\t\t\t\t<img loading=\"lazy\" decoding=\"async\" width=\"300\" height=\"200\" src=\"https:\/\/ec-weinfelden.ch\/wp-content\/uploads\/2025\/03\/2M9A4307_resized-300x200.jpg\" class=\"attachment-medium size-medium wp-image-4230\" alt=\"\" srcset=\"https:\/\/ec-weinfelden.ch\/wp-content\/uploads\/2025\/03\/2M9A4307_resized-300x200.jpg 300w, https:\/\/ec-weinfelden.ch\/wp-content\/uploads\/2025\/03\/2M9A4307_resized-1024x683.jpg 1024w, https:\/\/ec-weinfelden.ch\/wp-content\/uploads\/2025\/03\/2M9A4307_resized-768x512.jpg 768w, https:\/\/ec-weinfelden.ch\/wp-content\/uploads\/2025\/03\/2M9A4307_resized-1536x1024.jpg 1536w, https:\/\/ec-weinfelden.ch\/wp-content\/uploads\/2025\/03\/2M9A4307_resized-2048x1366.jpg 2048w\" sizes=\"(max-width: 300px) 100vw, 300px\" \/>\t\t\t\t\t\t\t\t\t\t\t<figcaption class=\"widget-image-caption wp-caption-text\"><\/figcaption>\n\t\t\t\t\t\t\t\t\t\t<\/figure>\n\t\t\t\t\t\t\t\t\t<\/div>\n\t\t\t\t<\/div>\n\t\t\t\t<div class=\"elementor-element elementor-element-e2123a6 elementor-widget__width-initial elementor-widget elementor-widget-heading\" data-id=\"e2123a6\" data-element_type=\"widget\" data-e-type=\"widget\" data-widget_type=\"heading.default\">\n\t\t\t\t<div class=\"elementor-widget-container\">\n\t\t\t\t\t<h2 class=\"elementor-heading-title elementor-size-medium\">Schaulaufen 2025\n\n<\/h2>\t\t\t\t<\/div>\n\t\t\t\t<\/div>\n\t\t\t\t<div class=\"elementor-element elementor-element-15476b9 elementor-widget elementor-widget-text-editor\" data-id=\"15476b9\" data-element_type=\"widget\" data-e-type=\"widget\" data-widget_type=\"text-editor.default\">\n\t\t\t\t<div class=\"elementor-widget-container\">\n\t\t\t\t\t\t\t\t\t<p>\u00a0<br \/>Bella Italia on Ice, war ein voller Erfolg. Vielen Dank an alle die dabei waren von den L\u00e4uferinnen, Eltern, Grosseltern, Tanten und Onkeln, Nachbarn, Freunde ect. und nat\u00fcrlich auch an unsere super Eismeister &#8211; DANKE!<\/p>\t\t\t\t\t\t\t\t<\/div>\n\t\t\t\t<\/div>\n\t\t\t\t\t<\/div>\n\t\t<\/div>\n\t\t\t\t<div class=\"elementor-column elementor-col-25 elementor-top-column elementor-element elementor-element-67bf3b7\" data-id=\"67bf3b7\" data-element_type=\"column\" data-e-type=\"column\">\n\t\t\t<div class=\"elementor-widget-wrap elementor-element-populated\">\n\t\t\t\t\t\t<div class=\"elementor-element elementor-element-1939e39 elementor-widget elementor-widget-image\" data-id=\"1939e39\" data-element_type=\"widget\" data-e-type=\"widget\" data-widget_type=\"image.default\">\n\t\t\t\t<div class=\"elementor-widget-container\">\n\t\t\t\t\t\t\t\t\t\t\t\t<figure class=\"wp-caption\">\n\t\t\t\t\t\t\t\t\t\t<img loading=\"lazy\" decoding=\"async\" width=\"300\" height=\"212\" src=\"https:\/\/ec-weinfelden.ch\/wp-content\/uploads\/2025\/01\/Schau_Flyer_25_1-300x212.jpg\" class=\"attachment-medium size-medium wp-image-4186\" alt=\"\" srcset=\"https:\/\/ec-weinfelden.ch\/wp-content\/uploads\/2025\/01\/Schau_Flyer_25_1-300x212.jpg 300w, https:\/\/ec-weinfelden.ch\/wp-content\/uploads\/2025\/01\/Schau_Flyer_25_1-1024x724.jpg 1024w, https:\/\/ec-weinfelden.ch\/wp-content\/uploads\/2025\/01\/Schau_Flyer_25_1-768x543.jpg 768w, https:\/\/ec-weinfelden.ch\/wp-content\/uploads\/2025\/01\/Schau_Flyer_25_1.jpg 1181w\" sizes=\"(max-width: 300px) 100vw, 300px\" \/>\t\t\t\t\t\t\t\t\t\t\t<figcaption class=\"widget-image-caption wp-caption-text\"><\/figcaption>\n\t\t\t\t\t\t\t\t\t\t<\/figure>\n\t\t\t\t\t\t\t\t\t<\/div>\n\t\t\t\t<\/div>\n\t\t\t\t<div class=\"elementor-element elementor-element-4584892 elementor-widget__width-initial elementor-widget elementor-widget-heading\" data-id=\"4584892\" data-element_type=\"widget\" data-e-type=\"widget\" data-widget_type=\"heading.default\">\n\t\t\t\t<div class=\"elementor-widget-container\">\n\t\t\t\t\t<h2 class=\"elementor-heading-title elementor-size-medium\">Schaulaufen 2025\n\n<\/h2>\t\t\t\t<\/div>\n\t\t\t\t<\/div>\n\t\t\t\t<div class=\"elementor-element elementor-element-3da9d5d elementor-widget elementor-widget-text-editor\" data-id=\"3da9d5d\" data-element_type=\"widget\" data-e-type=\"widget\" data-widget_type=\"text-editor.default\">\n\t\t\t\t<div class=\"elementor-widget-container\">\n\t\t\t\t\t\t\t\t\t<p>\u00a0<br \/>Bella Italia on Ice, heisst es dieses Jahr. Auch dieses Jahr zeigen die L\u00e4ufer und L\u00e4uferinnen ihr k\u00f6nnen auf dem Eis. Wir freuen uns!<\/p>\t\t\t\t\t\t\t\t<\/div>\n\t\t\t\t<\/div>\n\t\t\t\t\t<\/div>\n\t\t<\/div>\n\t\t\t\t<div class=\"elementor-column elementor-col-25 elementor-top-column elementor-element elementor-element-c157d56\" data-id=\"c157d56\" data-element_type=\"column\" data-e-type=\"column\">\n\t\t\t<div class=\"elementor-widget-wrap elementor-element-populated\">\n\t\t\t\t\t\t<div class=\"elementor-element elementor-element-c5c7646 elementor-widget elementor-widget-image\" data-id=\"c5c7646\" data-element_type=\"widget\" data-e-type=\"widget\" data-widget_type=\"image.default\">\n\t\t\t\t<div class=\"elementor-widget-container\">\n\t\t\t\t\t\t\t\t\t\t\t\t<figure class=\"wp-caption\">\n\t\t\t\t\t\t\t\t\t\t<img loading=\"lazy\" decoding=\"async\" width=\"300\" height=\"238\" src=\"https:\/\/ec-weinfelden.ch\/wp-content\/uploads\/2023\/11\/20231125_154136-scaled-e1700925017468-300x238.jpg\" class=\"attachment-medium size-medium wp-image-4071\" alt=\"\" srcset=\"https:\/\/ec-weinfelden.ch\/wp-content\/uploads\/2023\/11\/20231125_154136-scaled-e1700925017468-300x238.jpg 300w, https:\/\/ec-weinfelden.ch\/wp-content\/uploads\/2023\/11\/20231125_154136-scaled-e1700925017468-1024x813.jpg 1024w, https:\/\/ec-weinfelden.ch\/wp-content\/uploads\/2023\/11\/20231125_154136-scaled-e1700925017468-768x610.jpg 768w, https:\/\/ec-weinfelden.ch\/wp-content\/uploads\/2023\/11\/20231125_154136-scaled-e1700925017468-1536x1219.jpg 1536w, https:\/\/ec-weinfelden.ch\/wp-content\/uploads\/2023\/11\/20231125_154136-scaled-e1700925017468-2048x1626.jpg 2048w\" sizes=\"(max-width: 300px) 100vw, 300px\" \/>\t\t\t\t\t\t\t\t\t\t\t<figcaption class=\"widget-image-caption wp-caption-text\"><\/figcaption>\n\t\t\t\t\t\t\t\t\t\t<\/figure>\n\t\t\t\t\t\t\t\t\t<\/div>\n\t\t\t\t<\/div>\n\t\t\t\t<div class=\"elementor-element elementor-element-9a5448a elementor-widget__width-initial elementor-widget elementor-widget-heading\" data-id=\"9a5448a\" data-element_type=\"widget\" data-e-type=\"widget\" data-widget_type=\"heading.default\">\n\t\t\t\t<div class=\"elementor-widget-container\">\n\t\t\t\t\t<h2 class=\"elementor-heading-title elementor-size-medium\">Clubheft 2023\/24\n\n<\/h2>\t\t\t\t<\/div>\n\t\t\t\t<\/div>\n\t\t\t\t<div class=\"elementor-element elementor-element-ee5d4fd elementor-widget elementor-widget-text-editor\" data-id=\"ee5d4fd\" data-element_type=\"widget\" data-e-type=\"widget\" data-widget_type=\"text-editor.default\">\n\t\t\t\t<div class=\"elementor-widget-container\">\n\t\t\t\t\t\t\t\t\t<p>\u00a0<br \/>Yey! Unser neues Clubheft ist da!<\/p><p><a href=\"https:\/\/ec-weinfelden.ch\/wp-content\/uploads\/2023\/11\/ECW_Clubheft_2023-24_final.pdf\">ECW Clubheft 2023-24<\/a><\/p>\t\t\t\t\t\t\t\t<\/div>\n\t\t\t\t<\/div>\n\t\t\t\t\t<\/div>\n\t\t<\/div>\n\t\t\t\t<div class=\"elementor-column elementor-col-25 elementor-top-column elementor-element elementor-element-3058b9c\" data-id=\"3058b9c\" data-element_type=\"column\" data-e-type=\"column\">\n\t\t\t<div class=\"elementor-widget-wrap elementor-element-populated\">\n\t\t\t\t\t\t<div class=\"elementor-element elementor-element-1619aed elementor-widget elementor-widget-image\" data-id=\"1619aed\" data-element_type=\"widget\" data-e-type=\"widget\" data-widget_type=\"image.default\">\n\t\t\t\t<div class=\"elementor-widget-container\">\n\t\t\t\t\t\t\t\t\t\t\t\t<figure class=\"wp-caption\">\n\t\t\t\t\t\t\t\t\t\t<img loading=\"lazy\" decoding=\"async\" width=\"300\" height=\"225\" src=\"https:\/\/ec-weinfelden.ch\/wp-content\/uploads\/2023\/12\/20231204_170001-300x225.jpg\" class=\"attachment-medium size-medium wp-image-4100\" alt=\"\" srcset=\"https:\/\/ec-weinfelden.ch\/wp-content\/uploads\/2023\/12\/20231204_170001-300x225.jpg 300w, https:\/\/ec-weinfelden.ch\/wp-content\/uploads\/2023\/12\/20231204_170001-1024x768.jpg 1024w, https:\/\/ec-weinfelden.ch\/wp-content\/uploads\/2023\/12\/20231204_170001-768x576.jpg 768w, https:\/\/ec-weinfelden.ch\/wp-content\/uploads\/2023\/12\/20231204_170001-1536x1152.jpg 1536w, https:\/\/ec-weinfelden.ch\/wp-content\/uploads\/2023\/12\/20231204_170001-2048x1536.jpg 2048w\" sizes=\"(max-width: 300px) 100vw, 300px\" \/>\t\t\t\t\t\t\t\t\t\t\t<figcaption class=\"widget-image-caption wp-caption-text\"><\/figcaption>\n\t\t\t\t\t\t\t\t\t\t<\/figure>\n\t\t\t\t\t\t\t\t\t<\/div>\n\t\t\t\t<\/div>\n\t\t\t\t<div class=\"elementor-element elementor-element-4fd8b7d elementor-widget__width-initial elementor-widget elementor-widget-heading\" data-id=\"4fd8b7d\" data-element_type=\"widget\" data-e-type=\"widget\" data-widget_type=\"heading.default\">\n\t\t\t\t<div class=\"elementor-widget-container\">\n\t\t\t\t\t<h2 class=\"elementor-heading-title elementor-size-medium\">Samichlaus 2023\/24\n\n<\/h2>\t\t\t\t<\/div>\n\t\t\t\t<\/div>\n\t\t\t\t<div class=\"elementor-element elementor-element-1afbcfb elementor-widget elementor-widget-text-editor\" data-id=\"1afbcfb\" data-element_type=\"widget\" data-e-type=\"widget\" data-widget_type=\"text-editor.default\">\n\t\t\t\t<div class=\"elementor-widget-container\">\n\t\t\t\t\t\t\t\t\t<p>\u00a0<br \/>Auch dieses Jahr kamen Samichlaus und Schmutzli zu Besuch in die Eishalle.\u00a0<\/p>\t\t\t\t\t\t\t\t<\/div>\n\t\t\t\t<\/div>\n\t\t\t\t\t<\/div>\n\t\t<\/div>\n\t\t\t\t\t<\/div>\n\t\t<\/section>\n\t\t\t\t<section class=\"elementor-section elementor-top-section elementor-element elementor-element-7930f25 elementor-section-boxed elementor-section-height-default elementor-section-height-default\" data-id=\"7930f25\" data-element_type=\"section\" data-e-type=\"section\">\n\t\t\t\t\t\t<div class=\"elementor-container elementor-column-gap-default\">\n\t\t\t\t\t<div class=\"elementor-column elementor-col-100 elementor-top-column elementor-element elementor-element-ba6aa9b\" data-id=\"ba6aa9b\" data-element_type=\"column\" data-e-type=\"column\">\n\t\t\t<div class=\"elementor-widget-wrap elementor-element-populated\">\n\t\t\t\t\t\t<div class=\"elementor-element elementor-element-1e53ca4 elementor-grid-3 elementor-grid-tablet-2 elementor-grid-mobile-1 elementor-posts--thumbnail-top elementor-widget elementor-widget-posts\" data-id=\"1e53ca4\" data-element_type=\"widget\" data-e-type=\"widget\" data-settings=\"{&quot;classic_columns&quot;:&quot;3&quot;,&quot;classic_columns_tablet&quot;:&quot;2&quot;,&quot;classic_columns_mobile&quot;:&quot;1&quot;,&quot;classic_row_gap&quot;:{&quot;unit&quot;:&quot;px&quot;,&quot;size&quot;:35,&quot;sizes&quot;:[]},&quot;classic_row_gap_tablet&quot;:{&quot;unit&quot;:&quot;px&quot;,&quot;size&quot;:&quot;&quot;,&quot;sizes&quot;:[]},&quot;classic_row_gap_mobile&quot;:{&quot;unit&quot;:&quot;px&quot;,&quot;size&quot;:&quot;&quot;,&quot;sizes&quot;:[]}}\" data-widget_type=\"posts.classic\">\n\t\t\t\t<div class=\"elementor-widget-container\">\n\t\t\t\t\t\t\t<div class=\"elementor-posts-container elementor-posts elementor-posts--skin-classic elementor-grid\" role=\"list\">\n\t\t\t\t<article class=\"elementor-post elementor-grid-item post-3751 post type-post status-publish format-standard has-post-thumbnail hentry category-uncategorized\" role=\"listitem\">\n\t\t\t\t<a class=\"elementor-post__thumbnail__link\" href=\"https:\/\/ec-weinfelden.ch\/index.php\/2023\/01\/08\/dreikoenigslauf-2023-in-frauenfeld\/\" tabindex=\"-1\" >\n\t\t\t<div class=\"elementor-post__thumbnail\"><img loading=\"lazy\" decoding=\"async\" width=\"243\" height=\"300\" src=\"https:\/\/ec-weinfelden.ch\/wp-content\/uploads\/2023\/01\/WhatsApp-Image-2023-01-08-at-7.04.35-PM-243x300.jpeg\" class=\"attachment-medium size-medium wp-image-3753\" alt=\"\" srcset=\"https:\/\/ec-weinfelden.ch\/wp-content\/uploads\/2023\/01\/WhatsApp-Image-2023-01-08-at-7.04.35-PM-243x300.jpeg 243w, https:\/\/ec-weinfelden.ch\/wp-content\/uploads\/2023\/01\/WhatsApp-Image-2023-01-08-at-7.04.35-PM-831x1024.jpeg 831w, https:\/\/ec-weinfelden.ch\/wp-content\/uploads\/2023\/01\/WhatsApp-Image-2023-01-08-at-7.04.35-PM-768x946.jpeg 768w, https:\/\/ec-weinfelden.ch\/wp-content\/uploads\/2023\/01\/WhatsApp-Image-2023-01-08-at-7.04.35-PM-1247x1536.jpeg 1247w, https:\/\/ec-weinfelden.ch\/wp-content\/uploads\/2023\/01\/WhatsApp-Image-2023-01-08-at-7.04.35-PM.jpeg 1662w\" sizes=\"(max-width: 243px) 100vw, 243px\" \/><\/div>\n\t\t<\/a>\n\t\t\t\t<div class=\"elementor-post__text\">\n\t\t\t\t<h3 class=\"elementor-post__title\">\n\t\t\t<a href=\"https:\/\/ec-weinfelden.ch\/index.php\/2023\/01\/08\/dreikoenigslauf-2023-in-frauenfeld\/\" >\n\t\t\t\tDreik\u00f6nigslauf 2023 in Frauenfeld\t\t\t<\/a>\n\t\t<\/h3>\n\t\t\t\t<div class=\"elementor-post__meta-data\">\n\t\t\t\t\t<span class=\"elementor-post-date\">\n\t\t\tJanuar 8, 2023\t\t<\/span>\n\t\t\t\t<span class=\"elementor-post-avatar\">\n\t\t\tKeine Kommentare\t\t<\/span>\n\t\t\t\t<\/div>\n\t\t\t\t<div class=\"elementor-post__excerpt\">\n\t\t\t<p>Dreik\u00f6nigslauf 2023 Super Leistungen wurden am diesj\u00e4hrigen Dreik\u00f6nigslauf in Frauenfeld erzielt \ud83e\udd73Somit ist der erste Wettkampf im neuen Jahr schon wieder vorbei. Bravo M\u00e4dels, das<\/p>\n\t\t<\/div>\n\t\t\n\t\t<a class=\"elementor-post__read-more\" href=\"https:\/\/ec-weinfelden.ch\/index.php\/2023\/01\/08\/dreikoenigslauf-2023-in-frauenfeld\/\" aria-label=\"Read more about Dreik\u00f6nigslauf 2023 in Frauenfeld\" tabindex=\"-1\" >\n\t\t\tRead More \u00bb\t\t<\/a>\n\n\t\t\t\t<\/div>\n\t\t\t\t<\/article>\n\t\t\t\t<article class=\"elementor-post elementor-grid-item post-3642 post type-post status-publish format-standard has-post-thumbnail hentry category-uncategorized\" role=\"listitem\">\n\t\t\t\t<a class=\"elementor-post__thumbnail__link\" href=\"https:\/\/ec-weinfelden.ch\/index.php\/2022\/12\/14\/samichlaus-beim-ecw-zu-besuch\/\" tabindex=\"-1\" >\n\t\t\t<div class=\"elementor-post__thumbnail\"><img loading=\"lazy\" decoding=\"async\" width=\"300\" height=\"300\" src=\"https:\/\/ec-weinfelden.ch\/wp-content\/uploads\/2022\/12\/Image-5-300x300.jpeg\" class=\"attachment-medium size-medium wp-image-3648\" alt=\"\" srcset=\"https:\/\/ec-weinfelden.ch\/wp-content\/uploads\/2022\/12\/Image-5-300x300.jpeg 300w, https:\/\/ec-weinfelden.ch\/wp-content\/uploads\/2022\/12\/Image-5.jpeg 1024w, https:\/\/ec-weinfelden.ch\/wp-content\/uploads\/2022\/12\/Image-5-150x150.jpeg 150w, https:\/\/ec-weinfelden.ch\/wp-content\/uploads\/2022\/12\/Image-5-768x768.jpeg 768w\" sizes=\"(max-width: 300px) 100vw, 300px\" \/><\/div>\n\t\t<\/a>\n\t\t\t\t<div class=\"elementor-post__text\">\n\t\t\t\t<h3 class=\"elementor-post__title\">\n\t\t\t<a href=\"https:\/\/ec-weinfelden.ch\/index.php\/2022\/12\/14\/samichlaus-beim-ecw-zu-besuch\/\" >\n\t\t\t\tSamichlaus beim ECW zu Besuch\t\t\t<\/a>\n\t\t<\/h3>\n\t\t\t\t<div class=\"elementor-post__meta-data\">\n\t\t\t\t\t<span class=\"elementor-post-date\">\n\t\t\tDezember 14, 2022\t\t<\/span>\n\t\t\t\t<span class=\"elementor-post-avatar\">\n\t\t\tKeine Kommentare\t\t<\/span>\n\t\t\t\t<\/div>\n\t\t\t\t<div class=\"elementor-post__excerpt\">\n\t\t\t<p>Samichlaus beim ECW zu Besuch Am 5. Dezember 2022 kam der Samichlaus mit seinem Schmutzli in die Eishalle und besuchte den Eislaufclub Weinfelden. Die Kinder<\/p>\n\t\t<\/div>\n\t\t\n\t\t<a class=\"elementor-post__read-more\" href=\"https:\/\/ec-weinfelden.ch\/index.php\/2022\/12\/14\/samichlaus-beim-ecw-zu-besuch\/\" aria-label=\"Read more about Samichlaus beim ECW zu Besuch\" tabindex=\"-1\" >\n\t\t\tRead More \u00bb\t\t<\/a>\n\n\t\t\t\t<\/div>\n\t\t\t\t<\/article>\n\t\t\t\t<article class=\"elementor-post elementor-grid-item post-3628 post type-post status-publish format-standard has-post-thumbnail hentry category-uncategorized\" role=\"listitem\">\n\t\t\t\t<a class=\"elementor-post__thumbnail__link\" href=\"https:\/\/ec-weinfelden.ch\/index.php\/2022\/11\/13\/sternlitest-erfolgreich-bestanden\/\" tabindex=\"-1\" >\n\t\t\t<div class=\"elementor-post__thumbnail\"><img loading=\"lazy\" decoding=\"async\" width=\"300\" height=\"225\" src=\"https:\/\/ec-weinfelden.ch\/wp-content\/uploads\/2022\/12\/3-300x225.jpeg\" class=\"attachment-medium size-medium wp-image-3629\" alt=\"\" srcset=\"https:\/\/ec-weinfelden.ch\/wp-content\/uploads\/2022\/12\/3-300x225.jpeg 300w, https:\/\/ec-weinfelden.ch\/wp-content\/uploads\/2022\/12\/3-1024x768.jpeg 1024w, https:\/\/ec-weinfelden.ch\/wp-content\/uploads\/2022\/12\/3-768x576.jpeg 768w, https:\/\/ec-weinfelden.ch\/wp-content\/uploads\/2022\/12\/3-1536x1152.jpeg 1536w, https:\/\/ec-weinfelden.ch\/wp-content\/uploads\/2022\/12\/3-2048x1536.jpeg 2048w\" sizes=\"(max-width: 300px) 100vw, 300px\" \/><\/div>\n\t\t<\/a>\n\t\t\t\t<div class=\"elementor-post__text\">\n\t\t\t\t<h3 class=\"elementor-post__title\">\n\t\t\t<a href=\"https:\/\/ec-weinfelden.ch\/index.php\/2022\/11\/13\/sternlitest-erfolgreich-bestanden\/\" >\n\t\t\t\tSternlitest erfolgreich bestanden!\t\t\t<\/a>\n\t\t<\/h3>\n\t\t\t\t<div class=\"elementor-post__meta-data\">\n\t\t\t\t\t<span class=\"elementor-post-date\">\n\t\t\tNovember 13, 2022\t\t<\/span>\n\t\t\t\t<span class=\"elementor-post-avatar\">\n\t\t\tKeine Kommentare\t\t<\/span>\n\t\t\t\t<\/div>\n\t\t\t\t<div class=\"elementor-post__excerpt\">\n\t\t\t<p>Sternlitests erfolgreich bestanden! Am 9. November 2022 hatten die Kinder und Jugendlichen wieder die M\u00f6glichkeit, den n\u00e4chsten Sternlitest zu erreichen. Mit viel Motivation, Konzentration und<\/p>\n\t\t<\/div>\n\t\t\n\t\t<a class=\"elementor-post__read-more\" href=\"https:\/\/ec-weinfelden.ch\/index.php\/2022\/11\/13\/sternlitest-erfolgreich-bestanden\/\" aria-label=\"Read more about Sternlitest erfolgreich bestanden!\" tabindex=\"-1\" >\n\t\t\tRead More \u00bb\t\t<\/a>\n\n\t\t\t\t<\/div>\n\t\t\t\t<\/article>\n\t\t\t\t<article class=\"elementor-post elementor-grid-item post-3435 post type-post status-publish format-standard has-post-thumbnail hentry category-uncategorized\" role=\"listitem\">\n\t\t\t\t<a class=\"elementor-post__thumbnail__link\" href=\"https:\/\/ec-weinfelden.ch\/index.php\/2022\/10\/30\/neu-erwachsenen-kurs\/\" tabindex=\"-1\" >\n\t\t\t<div class=\"elementor-post__thumbnail\"><img loading=\"lazy\" decoding=\"async\" width=\"300\" height=\"225\" src=\"https:\/\/ec-weinfelden.ch\/wp-content\/uploads\/2022\/10\/Flyer-300x225.jpg\" class=\"attachment-medium size-medium wp-image-3436\" alt=\"\" srcset=\"https:\/\/ec-weinfelden.ch\/wp-content\/uploads\/2022\/10\/Flyer-300x225.jpg 300w, https:\/\/ec-weinfelden.ch\/wp-content\/uploads\/2022\/10\/Flyer-1024x768.jpg 1024w, https:\/\/ec-weinfelden.ch\/wp-content\/uploads\/2022\/10\/Flyer-768x576.jpg 768w, https:\/\/ec-weinfelden.ch\/wp-content\/uploads\/2022\/10\/Flyer-1536x1152.jpg 1536w, https:\/\/ec-weinfelden.ch\/wp-content\/uploads\/2022\/10\/Flyer.jpg 2048w\" sizes=\"(max-width: 300px) 100vw, 300px\" \/><\/div>\n\t\t<\/a>\n\t\t\t\t<div class=\"elementor-post__text\">\n\t\t\t\t<h3 class=\"elementor-post__title\">\n\t\t\t<a href=\"https:\/\/ec-weinfelden.ch\/index.php\/2022\/10\/30\/neu-erwachsenen-kurs\/\" >\n\t\t\t\tNeu! Erwachsenen-Kurs\t\t\t<\/a>\n\t\t<\/h3>\n\t\t\t\t<div class=\"elementor-post__meta-data\">\n\t\t\t\t\t<span class=\"elementor-post-date\">\n\t\t\tOktober 30, 2022\t\t<\/span>\n\t\t\t\t<span class=\"elementor-post-avatar\">\n\t\t\tKeine Kommentare\t\t<\/span>\n\t\t\t\t<\/div>\n\t\t\t\t<div class=\"elementor-post__excerpt\">\n\t\t\t<p>Neu! Erwachsenen-Kurs Jetzt anmelden unter\u00a0info@ec-weinfelden.ch!<\/p>\n\t\t<\/div>\n\t\t\n\t\t<a class=\"elementor-post__read-more\" href=\"https:\/\/ec-weinfelden.ch\/index.php\/2022\/10\/30\/neu-erwachsenen-kurs\/\" aria-label=\"Read more about Neu! Erwachsenen-Kurs\" tabindex=\"-1\" >\n\t\t\tRead More \u00bb\t\t<\/a>\n\n\t\t\t\t<\/div>\n\t\t\t\t<\/article>\n\t\t\t\t<article class=\"elementor-post elementor-grid-item post-3141 post type-post status-publish format-standard has-post-thumbnail hentry category-uncategorized\" role=\"listitem\">\n\t\t\t\t<a class=\"elementor-post__thumbnail__link\" href=\"https:\/\/ec-weinfelden.ch\/index.php\/2022\/04\/13\/thurgauer-meisterschaft-2022\/\" tabindex=\"-1\" >\n\t\t\t<div class=\"elementor-post__thumbnail\"><img loading=\"lazy\" decoding=\"async\" width=\"300\" height=\"300\" src=\"https:\/\/ec-weinfelden.ch\/wp-content\/uploads\/2022\/04\/abe86e64-5457-4d07-b080-84f53a34bdc9-300x300.jpg\" class=\"attachment-medium size-medium wp-image-3142\" alt=\"\" srcset=\"https:\/\/ec-weinfelden.ch\/wp-content\/uploads\/2022\/04\/abe86e64-5457-4d07-b080-84f53a34bdc9-300x300.jpg 300w, https:\/\/ec-weinfelden.ch\/wp-content\/uploads\/2022\/04\/abe86e64-5457-4d07-b080-84f53a34bdc9-1024x1024.jpg 1024w, https:\/\/ec-weinfelden.ch\/wp-content\/uploads\/2022\/04\/abe86e64-5457-4d07-b080-84f53a34bdc9-150x150.jpg 150w, https:\/\/ec-weinfelden.ch\/wp-content\/uploads\/2022\/04\/abe86e64-5457-4d07-b080-84f53a34bdc9-768x768.jpg 768w, https:\/\/ec-weinfelden.ch\/wp-content\/uploads\/2022\/04\/abe86e64-5457-4d07-b080-84f53a34bdc9-1536x1536.jpg 1536w, https:\/\/ec-weinfelden.ch\/wp-content\/uploads\/2022\/04\/abe86e64-5457-4d07-b080-84f53a34bdc9.jpg 2048w\" sizes=\"(max-width: 300px) 100vw, 300px\" \/><\/div>\n\t\t<\/a>\n\t\t\t\t<div class=\"elementor-post__text\">\n\t\t\t\t<h3 class=\"elementor-post__title\">\n\t\t\t<a href=\"https:\/\/ec-weinfelden.ch\/index.php\/2022\/04\/13\/thurgauer-meisterschaft-2022\/\" >\n\t\t\t\tThurgauer Meisterschaft 2022\t\t\t<\/a>\n\t\t<\/h3>\n\t\t\t\t<div class=\"elementor-post__meta-data\">\n\t\t\t\t\t<span class=\"elementor-post-date\">\n\t\t\tApril 13, 2022\t\t<\/span>\n\t\t\t\t<span class=\"elementor-post-avatar\">\n\t\t\tKeine Kommentare\t\t<\/span>\n\t\t\t\t<\/div>\n\t\t\t\t<div class=\"elementor-post__excerpt\">\n\t\t\t<p>Thurgauer Meisterschaft 2022 Die Thurgauer Meisterschaft war ein weiteres Highlight in dieser Saison f\u00fcr alle L\u00e4uferinnen und L\u00e4ufer aus dem Kanton Thurgau. Wir danken Monika<\/p>\n\t\t<\/div>\n\t\t\n\t\t<a class=\"elementor-post__read-more\" href=\"https:\/\/ec-weinfelden.ch\/index.php\/2022\/04\/13\/thurgauer-meisterschaft-2022\/\" aria-label=\"Read more about Thurgauer Meisterschaft 2022\" tabindex=\"-1\" >\n\t\t\tRead More \u00bb\t\t<\/a>\n\n\t\t\t\t<\/div>\n\t\t\t\t<\/article>\n\t\t\t\t<article class=\"elementor-post elementor-grid-item post-3115 post type-post status-publish format-standard has-post-thumbnail hentry category-uncategorized\" role=\"listitem\">\n\t\t\t\t<a class=\"elementor-post__thumbnail__link\" href=\"https:\/\/ec-weinfelden.ch\/index.php\/2022\/02\/27\/fasnacht-on-ice-2022\/\" tabindex=\"-1\" >\n\t\t\t<div class=\"elementor-post__thumbnail\"><img loading=\"lazy\" decoding=\"async\" width=\"300\" height=\"200\" src=\"https:\/\/ec-weinfelden.ch\/wp-content\/uploads\/2022\/04\/Fasnacht-on-Ice-2022-7-1-300x200.jpeg\" class=\"attachment-medium size-medium wp-image-3126\" alt=\"\" srcset=\"https:\/\/ec-weinfelden.ch\/wp-content\/uploads\/2022\/04\/Fasnacht-on-Ice-2022-7-1-300x200.jpeg 300w, https:\/\/ec-weinfelden.ch\/wp-content\/uploads\/2022\/04\/Fasnacht-on-Ice-2022-7-1-1024x684.jpeg 1024w, https:\/\/ec-weinfelden.ch\/wp-content\/uploads\/2022\/04\/Fasnacht-on-Ice-2022-7-1-768x513.jpeg 768w, https:\/\/ec-weinfelden.ch\/wp-content\/uploads\/2022\/04\/Fasnacht-on-Ice-2022-7-1-1536x1025.jpeg 1536w, https:\/\/ec-weinfelden.ch\/wp-content\/uploads\/2022\/04\/Fasnacht-on-Ice-2022-7-1.jpeg 2048w\" sizes=\"(max-width: 300px) 100vw, 300px\" \/><\/div>\n\t\t<\/a>\n\t\t\t\t<div class=\"elementor-post__text\">\n\t\t\t\t<h3 class=\"elementor-post__title\">\n\t\t\t<a href=\"https:\/\/ec-weinfelden.ch\/index.php\/2022\/02\/27\/fasnacht-on-ice-2022\/\" >\n\t\t\t\tFasnacht on Ice 2022\t\t\t<\/a>\n\t\t<\/h3>\n\t\t\t\t<div class=\"elementor-post__meta-data\">\n\t\t\t\t\t<span class=\"elementor-post-date\">\n\t\t\tFebruar 27, 2022\t\t<\/span>\n\t\t\t\t<span class=\"elementor-post-avatar\">\n\t\t\tKeine Kommentare\t\t<\/span>\n\t\t\t\t<\/div>\n\t\t\t\t<div class=\"elementor-post__excerpt\">\n\t\t\t<p>Am 20. Februar 2022 fand zum 1. Mal das &#8222;Fasnacht on Ice&#8220; statt.<\/p>\n\t\t<\/div>\n\t\t\n\t\t<a class=\"elementor-post__read-more\" href=\"https:\/\/ec-weinfelden.ch\/index.php\/2022\/02\/27\/fasnacht-on-ice-2022\/\" aria-label=\"Read more about Fasnacht on Ice 2022\" tabindex=\"-1\" >\n\t\t\tRead More \u00bb\t\t<\/a>\n\n\t\t\t\t<\/div>\n\t\t\t\t<\/article>\n\t\t\t\t<article class=\"elementor-post elementor-grid-item post-3079 post type-post status-publish format-standard has-post-thumbnail hentry category-uncategorized\" role=\"listitem\">\n\t\t\t\t<a class=\"elementor-post__thumbnail__link\" href=\"https:\/\/ec-weinfelden.ch\/index.php\/2021\/12\/10\/samichlaus-beim-ecw\/\" tabindex=\"-1\" >\n\t\t\t<div class=\"elementor-post__thumbnail\"><img loading=\"lazy\" decoding=\"async\" width=\"225\" height=\"300\" src=\"https:\/\/ec-weinfelden.ch\/wp-content\/uploads\/2022\/04\/WhatsApp-Image-2021-12-07-at-8.35.28-AM-225x300.jpeg\" class=\"attachment-medium size-medium wp-image-3080\" alt=\"\" srcset=\"https:\/\/ec-weinfelden.ch\/wp-content\/uploads\/2022\/04\/WhatsApp-Image-2021-12-07-at-8.35.28-AM-225x300.jpeg 225w, https:\/\/ec-weinfelden.ch\/wp-content\/uploads\/2022\/04\/WhatsApp-Image-2021-12-07-at-8.35.28-AM-768x1024.jpeg 768w, https:\/\/ec-weinfelden.ch\/wp-content\/uploads\/2022\/04\/WhatsApp-Image-2021-12-07-at-8.35.28-AM-1152x1536.jpeg 1152w, https:\/\/ec-weinfelden.ch\/wp-content\/uploads\/2022\/04\/WhatsApp-Image-2021-12-07-at-8.35.28-AM.jpeg 1536w\" sizes=\"(max-width: 225px) 100vw, 225px\" \/><\/div>\n\t\t<\/a>\n\t\t\t\t<div class=\"elementor-post__text\">\n\t\t\t\t<h3 class=\"elementor-post__title\">\n\t\t\t<a href=\"https:\/\/ec-weinfelden.ch\/index.php\/2021\/12\/10\/samichlaus-beim-ecw\/\" >\n\t\t\t\tSamichlaus beim ECW\t\t\t<\/a>\n\t\t<\/h3>\n\t\t\t\t<div class=\"elementor-post__meta-data\">\n\t\t\t\t\t<span class=\"elementor-post-date\">\n\t\t\tDezember 10, 2021\t\t<\/span>\n\t\t\t\t<span class=\"elementor-post-avatar\">\n\t\t\tKeine Kommentare\t\t<\/span>\n\t\t\t\t<\/div>\n\t\t\t\t<div class=\"elementor-post__excerpt\">\n\t\t\t<p>Der liebe Samichlaus \u00fcberraschte unsere L\u00e4ufer und L\u00e4uferinnen mit einem feinen Grittib\u00e4nz auf dem Eis. <\/p>\n\t\t<\/div>\n\t\t\n\t\t<a class=\"elementor-post__read-more\" href=\"https:\/\/ec-weinfelden.ch\/index.php\/2021\/12\/10\/samichlaus-beim-ecw\/\" aria-label=\"Read more about Samichlaus beim ECW\" tabindex=\"-1\" >\n\t\t\tRead More \u00bb\t\t<\/a>\n\n\t\t\t\t<\/div>\n\t\t\t\t<\/article>\n\t\t\t\t<article class=\"elementor-post elementor-grid-item post-2929 post type-post status-publish format-standard has-post-thumbnail hentry category-uncategorized\" role=\"listitem\">\n\t\t\t\t<a class=\"elementor-post__thumbnail__link\" href=\"https:\/\/ec-weinfelden.ch\/index.php\/2021\/09\/13\/schnupperkurs-2021\/\" tabindex=\"-1\" >\n\t\t\t<div class=\"elementor-post__thumbnail\"><img loading=\"lazy\" decoding=\"async\" width=\"225\" height=\"300\" src=\"https:\/\/ec-weinfelden.ch\/wp-content\/uploads\/2021\/08\/IMG-20210811-WA0005-225x300.jpg\" class=\"attachment-medium size-medium wp-image-2779\" alt=\"\" srcset=\"https:\/\/ec-weinfelden.ch\/wp-content\/uploads\/2021\/08\/IMG-20210811-WA0005-225x300.jpg 225w, https:\/\/ec-weinfelden.ch\/wp-content\/uploads\/2021\/08\/IMG-20210811-WA0005-768x1024.jpg 768w, https:\/\/ec-weinfelden.ch\/wp-content\/uploads\/2021\/08\/IMG-20210811-WA0005-1152x1536.jpg 1152w, https:\/\/ec-weinfelden.ch\/wp-content\/uploads\/2021\/08\/IMG-20210811-WA0005.jpg 1512w\" sizes=\"(max-width: 225px) 100vw, 225px\" \/><\/div>\n\t\t<\/a>\n\t\t\t\t<div class=\"elementor-post__text\">\n\t\t\t\t<h3 class=\"elementor-post__title\">\n\t\t\t<a href=\"https:\/\/ec-weinfelden.ch\/index.php\/2021\/09\/13\/schnupperkurs-2021\/\" >\n\t\t\t\tSchnupperkurs 2021\t\t\t<\/a>\n\t\t<\/h3>\n\t\t\t\t<div class=\"elementor-post__meta-data\">\n\t\t\t\t\t<span class=\"elementor-post-date\">\n\t\t\tSeptember 13, 2021\t\t<\/span>\n\t\t\t\t<span class=\"elementor-post-avatar\">\n\t\t\tKeine Kommentare\t\t<\/span>\n\t\t\t\t<\/div>\n\t\t\t\t<div class=\"elementor-post__excerpt\">\n\t\t\t<p>Am 29. September 2021 findet von 15.30 &#8211;\u00a0 16.30 Uhr ein Schnupperkurs in der Eishalle G\u00fcttingersreuti in Weinfelden statt. M\u00f6chtest Du auch vorbei schauen? Dann<\/p>\n\t\t<\/div>\n\t\t\n\t\t<a class=\"elementor-post__read-more\" href=\"https:\/\/ec-weinfelden.ch\/index.php\/2021\/09\/13\/schnupperkurs-2021\/\" aria-label=\"Read more about Schnupperkurs 2021\" tabindex=\"-1\" >\n\t\t\tRead More \u00bb\t\t<\/a>\n\n\t\t\t\t<\/div>\n\t\t\t\t<\/article>\n\t\t\t\t<article class=\"elementor-post elementor-grid-item post-2762 post type-post status-publish format-standard has-post-thumbnail hentry category-uncategorized\" role=\"listitem\">\n\t\t\t\t<a class=\"elementor-post__thumbnail__link\" href=\"https:\/\/ec-weinfelden.ch\/index.php\/2021\/08\/20\/trainingslager-2021\/\" tabindex=\"-1\" >\n\t\t\t<div class=\"elementor-post__thumbnail\"><img loading=\"lazy\" decoding=\"async\" width=\"300\" height=\"245\" src=\"https:\/\/ec-weinfelden.ch\/wp-content\/uploads\/2021\/08\/IMG-20210812-WA0002-300x245.jpg\" class=\"attachment-medium size-medium wp-image-2781\" alt=\"\" srcset=\"https:\/\/ec-weinfelden.ch\/wp-content\/uploads\/2021\/08\/IMG-20210812-WA0002-300x245.jpg 300w, https:\/\/ec-weinfelden.ch\/wp-content\/uploads\/2021\/08\/IMG-20210812-WA0002-1024x837.jpg 1024w, https:\/\/ec-weinfelden.ch\/wp-content\/uploads\/2021\/08\/IMG-20210812-WA0002-768x628.jpg 768w, https:\/\/ec-weinfelden.ch\/wp-content\/uploads\/2021\/08\/IMG-20210812-WA0002-1536x1256.jpg 1536w, https:\/\/ec-weinfelden.ch\/wp-content\/uploads\/2021\/08\/IMG-20210812-WA0002.jpg 2048w\" sizes=\"(max-width: 300px) 100vw, 300px\" \/><\/div>\n\t\t<\/a>\n\t\t\t\t<div class=\"elementor-post__text\">\n\t\t\t\t<h3 class=\"elementor-post__title\">\n\t\t\t<a href=\"https:\/\/ec-weinfelden.ch\/index.php\/2021\/08\/20\/trainingslager-2021\/\" >\n\t\t\t\tTrainingslager 2021\t\t\t<\/a>\n\t\t<\/h3>\n\t\t\t\t<div class=\"elementor-post__meta-data\">\n\t\t\t\t\t<span class=\"elementor-post-date\">\n\t\t\tAugust 20, 2021\t\t<\/span>\n\t\t\t\t<span class=\"elementor-post-avatar\">\n\t\t\tKeine Kommentare\t\t<\/span>\n\t\t\t\t<\/div>\n\t\t\t\t<div class=\"elementor-post__excerpt\">\n\t\t\t<p>Was f\u00fcr eine sportliche Woche! Vom 9. &#8211; 13. August 2021 fand das Trainingslager des Thurgauer Eislaufverbandes in der Eishalle G\u00fcttingersreuti in Weinfelden statt.\u00a0Gemeinsam mit<\/p>\n\t\t<\/div>\n\t\t\n\t\t<a class=\"elementor-post__read-more\" href=\"https:\/\/ec-weinfelden.ch\/index.php\/2021\/08\/20\/trainingslager-2021\/\" aria-label=\"Read more about Trainingslager 2021\" tabindex=\"-1\" >\n\t\t\tRead More \u00bb\t\t<\/a>\n\n\t\t\t\t<\/div>\n\t\t\t\t<\/article>\n\t\t\t\t<\/div>\n\t\t\n\t\t\t\t\t\t<\/div>\n\t\t\t\t<\/div>\n\t\t\t\t\t<\/div>\n\t\t<\/div>\n\t\t\t\t\t<\/div>\n\t\t<\/section>\n\t\t\t\t<section class=\"elementor-section elementor-top-section elementor-element elementor-element-561bbba elementor-section-boxed elementor-section-height-default elementor-section-height-default\" data-id=\"561bbba\" data-element_type=\"section\" data-e-type=\"section\">\n\t\t\t\t\t\t<div class=\"elementor-container elementor-column-gap-default\">\n\t\t\t\t\t<div class=\"elementor-column elementor-col-100 elementor-top-column elementor-element elementor-element-4394189\" data-id=\"4394189\" data-element_type=\"column\" data-e-type=\"column\">\n\t\t\t<div class=\"elementor-widget-wrap\">\n\t\t\t\t\t\t\t<\/div>\n\t\t<\/div>\n\t\t\t\t\t<\/div>\n\t\t<\/section>\n\t\t\t\t<\/div>\n\t\t","protected":false},"excerpt":{"rendered":"<p>News Was passiert bei uns? News Schaulaufen 2026 \u00a0Ihr habt es gerockt und die G\u00fctti &#8222;farbig&#8220; gemacht! Vielen Dank an alle die dabei waren von den L\u00e4uferinnen, Eltern, Grosseltern, Tanten und Onkeln, Nachbarn, Freunde ect. und nat\u00fcrlich auch an unsere super Eismeister &#8211; DANKE! Schaulaufen 2026 \u00a0Colorvision! In diesem Jahr wird es kunterbunt in der [&hellip;]<\/p>\n","protected":false},"author":1,"featured_media":0,"parent":0,"menu_order":0,"comment_status":"closed","ping_status":"closed","template":"elementor_header_footer","meta":{"footnotes":""},"class_list":["post-507","page","type-page","status-publish","hentry"],"_links":{"self":[{"href":"https:\/\/ec-weinfelden.ch\/index.php\/wp-json\/wp\/v2\/pages\/507","targetHints":{"allow":["GET"]}}],"collection":[{"href":"https:\/\/ec-weinfelden.ch\/index.php\/wp-json\/wp\/v2\/pages"}],"about":[{"href":"https:\/\/ec-weinfelden.ch\/index.php\/wp-json\/wp\/v2\/types\/page"}],"author":[{"embeddable":true,"href":"https:\/\/ec-weinfelden.ch\/index.php\/wp-json\/wp\/v2\/users\/1"}],"replies":[{"embeddable":true,"href":"https:\/\/ec-weinfelden.ch\/index.php\/wp-json\/wp\/v2\/comments?post=507"}],"version-history":[{"count":97,"href":"https:\/\/ec-weinfelden.ch\/index.php\/wp-json\/wp\/v2\/pages\/507\/revisions"}],"predecessor-version":[{"id":4358,"href":"https:\/\/ec-weinfelden.ch\/index.php\/wp-json\/wp\/v2\/pages\/507\/revisions\/4358"}],"wp:attachment":[{"href":"https:\/\/ec-weinfelden.ch\/index.php\/wp-json\/wp\/v2\/media?parent=507"}],"curies":[{"name":"wp","href":"https:\/\/api.w.org\/{rel}","templated":true}]}}